{"id":2105,"date":"2021-03-24T07:25:45","date_gmt":"2021-03-24T07:25:45","guid":{"rendered":"http:\/\/localhost\/nuss\/?page_id=235"},"modified":"2025-02-27T10:14:18","modified_gmt":"2025-02-27T09:14:18","slug":"preguntas-frecuentes","status":"publish","type":"page","link":"https:\/\/siestamarmenorca.com\/it\/preguntas-frecuentes\/","title":{"rendered":"Domande frequenti"},"content":{"rendered":"<div data-elementor-type=\"wp-page\" data-elementor-id=\"2105\" class=\"elementor elementor-2105\">\n\t\t\t\t\t\t<section class=\"elementor-section elementor-top-section elementor-element elementor-element-2a96a73 elementor-section-boxed elementor-section-gap-beside-yes elementor-section-height-default elementor-section-height-default elementor-section-column-vertical-align-stretch\" data-id=\"2a96a73\" data-element_type=\"section\" data-e-type=\"section\">\n\t\t\t\t\t\t<div class=\"elementor-container elementor-column-gap-extended\">\n\t\t\t\t\t<div class=\"elementor-column elementor-col-100 elementor-top-column elementor-element elementor-element-98ef20c\" data-id=\"98ef20c\" data-element_type=\"column\" data-e-type=\"column\">\n\t\t\t<div class=\"elementor-widget-wrap elementor-element-populated\">\n\t\t\t\t\t\t<div class=\"elementor-element elementor-element-97088c0 elementor-widget__width-initial elementor-invisible elementor-widget elementor-widget-text-editor\" data-id=\"97088c0\" data-element_type=\"widget\" data-e-type=\"widget\" data-settings=\"{&quot;_animation&quot;:&quot;nussFadeInUp&quot;}\" data-widget_type=\"text-editor.default\">\n\t\t\t\t<div class=\"elementor-widget-container\">\n\t\t\t\t\t\t\t\t\t<p>Di seguito, vi presentiamo un elenco delle domande pi\u00f9 frequenti da parte dei nostri ospiti<\/p>\t\t\t\t\t\t\t\t<\/div>\n\t\t\t\t<\/div>\n\t\t\t\t\t<\/div>\n\t\t<\/div>\n\t\t\t\t\t<\/div>\n\t\t<\/section>\n\t\t\t\t<section class=\"elementor-section elementor-top-section elementor-element elementor-element-b184647 elementor-section-gap-beside-no elementor-section-boxed elementor-section-height-default elementor-section-height-default elementor-section-column-vertical-align-stretch\" data-id=\"b184647\" data-element_type=\"section\" data-e-type=\"section\">\n\t\t\t\t\t\t<div class=\"elementor-container elementor-column-gap-extended\">\n\t\t\t\t\t<div class=\"elementor-column elementor-col-50 elementor-top-column elementor-element elementor-element-1d49749\" data-id=\"1d49749\" data-element_type=\"column\" data-e-type=\"column\">\n\t\t\t<div class=\"elementor-widget-wrap elementor-element-populated\">\n\t\t\t\t\t\t<div class=\"elementor-element elementor-element-b986a9e elementor-invisible elementor-widget elementor-widget-nuss-heading\" data-id=\"b986a9e\" data-element_type=\"widget\" data-e-type=\"widget\" data-settings=\"{&quot;_animation&quot;:&quot;nussFadeInUp&quot;}\" data-widget_type=\"nuss-heading.default\">\n\t\t\t\t<div class=\"elementor-widget-container\">\n\t\t\t\t\t\t\t<div class=\"nuss-modern-heading\">\r\n\t\t\t\r\n\t\t\t\t\t\t<div class=\"heading-primary-wrap\">\r\n\t\t\t\t<h4 class=\"heading-primary elementor-heading-title\">Domande frequenti<\/h4>\t\t\t<\/div>\r\n\t\t\r\n\t\t\t\t\t\t<div class=\"heading-divider-wrap\">\r\n\t\t\t\t<div class=\"heading-divider\" style=\"left: 0px;top: 6px\"><\/div>\r\n\t\t\t<\/div>\r\n\t\r\n\t\t\t\t\t<\/div>\r\n\t\t\t\t\t<\/div>\n\t\t\t\t<\/div>\n\t\t\t\t<div class=\"elementor-element elementor-element-50f0733 elementor-invisible elementor-widget elementor-widget-heading\" data-id=\"50f0733\" data-element_type=\"widget\" data-e-type=\"widget\" data-settings=\"{&quot;_animation&quot;:&quot;nussFadeInUp&quot;}\" data-widget_type=\"heading.default\">\n\t\t\t\t<div class=\"elementor-widget-container\">\n\t\t\t\t\t<h2 class=\"elementor-heading-title elementor-size-default\">Domande e risposte<\/h2>\t\t\t\t<\/div>\n\t\t\t\t<\/div>\n\t\t\t\t<div class=\"elementor-element elementor-element-a865a9f nuss-accordion-style-03 elementor-invisible elementor-widget elementor-widget-nuss-accordion\" data-id=\"a865a9f\" data-element_type=\"widget\" data-e-type=\"widget\" data-settings=\"{&quot;_animation&quot;:&quot;nussFadeInUp&quot;}\" data-widget_type=\"nuss-accordion.default\">\n\t\t\t\t<div class=\"elementor-widget-container\">\n\t\t\t\t\t\t\t<div class=\"nuss-accordion nuss-accordion-icon-right\">\r\n\t\t\t\t\t\t\t<div class=\"accordion-section\">\r\n\t\t\t\t\t<div class=\"accordion-header\">\r\n\t\t\t\t\t\t<div class=\"accordion-title-wrapper\">\r\n\t\t\t\t\t\t\t<h4 class=\"accordion-title\">Quali sono i Check-in e Check-out?<\/h4>\t\t\t\t\t\t<\/div>\r\n\t\t\t\t\t\t\t\t\t\t\t\t\t<div class=\"accordion-icons\">\r\n\t\t\t\t\t\t\t\t<span\r\n\t\t\t\t\t\t\t\t\tclass=\"accordion-icon opened-icon\"><i class=\"fal fa-angle-down\"><\/i><\/span>\r\n\t\t\t\t\t\t\t\t<span\r\n\t\t\t\t\t\t\t\t\tclass=\"accordion-icon closed-icon\"><i class=\"fal fa-angle-up\"><\/i><\/span>\r\n\t\t\t\t\t\t\t<\/div>\r\n\t\t\t\t\t\t\t\t\t\t\t<\/div>\r\n\t\t\t\t\t<div class=\"accordion-content\">\r\n\t\t\t\t\t\t<p>Il check-in e check-out rapidi tempi variano a seconda della sistemazione e sono dettagliate nella pagina di ogni propriet\u00e0 sul nostro sito web. Se avete bisogno di arrivare prima o partire dopo, saremo lieti di organizzare, se disponibili, fatecelo sapere in anticipo.<\/p>\t\t\t\t\t<\/div>\r\n\t\t\t\t<\/div>\r\n\t\t\t\t\t\t\t<div class=\"accordion-section\">\r\n\t\t\t\t\t<div class=\"accordion-header\">\r\n\t\t\t\t\t\t<div class=\"accordion-title-wrapper\">\r\n\t\t\t\t\t\t\t<h4 class=\"accordion-title\">C&#039;\u00e8 un servizio di reception 24 ore?<\/h4>\t\t\t\t\t\t<\/div>\r\n\t\t\t\t\t\t\t\t\t\t\t\t\t<div class=\"accordion-icons\">\r\n\t\t\t\t\t\t\t\t<span\r\n\t\t\t\t\t\t\t\t\tclass=\"accordion-icon opened-icon\"><i class=\"fal fa-angle-down\"><\/i><\/span>\r\n\t\t\t\t\t\t\t\t<span\r\n\t\t\t\t\t\t\t\t\tclass=\"accordion-icon closed-icon\"><i class=\"fal fa-angle-up\"><\/i><\/span>\r\n\t\t\t\t\t\t\t<\/div>\r\n\t\t\t\t\t\t\t\t\t\t\t<\/div>\r\n\t\t\t\t\t<div class=\"accordion-content\">\r\n\t\t\t\t\t\t<p>La reception \u00e8 disponibile durante il set di ore, ma grazie al nostro sistema di chiavi memorizzate, \u00e8 possibile accedere al tuo alloggio comodamente in qualsiasi momento.<\/p>\t\t\t\t\t<\/div>\r\n\t\t\t\t<\/div>\r\n\t\t\t\t\t\t\t<div class=\"accordion-section\">\r\n\t\t\t\t\t<div class=\"accordion-header\">\r\n\t\t\t\t\t\t<div class=\"accordion-title-wrapper\">\r\n\t\t\t\t\t\t\t<h4 class=\"accordion-title\">Siamo pronti per le famiglie con bambini?<\/h4>\t\t\t\t\t\t<\/div>\r\n\t\t\t\t\t\t\t\t\t\t\t\t\t<div class=\"accordion-icons\">\r\n\t\t\t\t\t\t\t\t<span\r\n\t\t\t\t\t\t\t\t\tclass=\"accordion-icon opened-icon\"><i class=\"fal fa-angle-down\"><\/i><\/span>\r\n\t\t\t\t\t\t\t\t<span\r\n\t\t\t\t\t\t\t\t\tclass=\"accordion-icon closed-icon\"><i class=\"fal fa-angle-up\"><\/i><\/span>\r\n\t\t\t\t\t\t\t<\/div>\r\n\t\t\t\t\t\t\t\t\t\t\t<\/div>\r\n\t\t\t\t\t<div class=\"accordion-content\">\r\n\t\t\t\t\t\t<p>Ovviamente!!! I nostri impianti sono progettati per garantire un soggiorno confortevole e divertente per tutta la famiglia. Al momento della prenotazione, \u00e8 possibile richiedere un seggiolone e culla per il vostro bambino. In aggiunta, ci sono parchi giochi per bambini nelle aree comuni, dove i pi\u00f9 piccoli potranno giocare in tutta sicurezza, e piscine, ideale per intrattenere, mentre si godono un meritato riposo.<\/p>\t\t\t\t\t<\/div>\r\n\t\t\t\t<\/div>\r\n\t\t\t\t\t\t\t<div class=\"accordion-section\">\r\n\t\t\t\t\t<div class=\"accordion-header\">\r\n\t\t\t\t\t\t<div class=\"accordion-title-wrapper\">\r\n\t\t\t\t\t\t\t<h4 class=\"accordion-title\">Quali sono le strutture preparate per i bisogni di tutti?<\/h4>\t\t\t\t\t\t<\/div>\r\n\t\t\t\t\t\t\t\t\t\t\t\t\t<div class=\"accordion-icons\">\r\n\t\t\t\t\t\t\t\t<span\r\n\t\t\t\t\t\t\t\t\tclass=\"accordion-icon opened-icon\"><i class=\"fal fa-angle-down\"><\/i><\/span>\r\n\t\t\t\t\t\t\t\t<span\r\n\t\t\t\t\t\t\t\t\tclass=\"accordion-icon closed-icon\"><i class=\"fal fa-angle-up\"><\/i><\/span>\r\n\t\t\t\t\t\t\t<\/div>\r\n\t\t\t\t\t\t\t\t\t\t\t<\/div>\r\n\t\t\t\t\t<div class=\"accordion-content\">\r\n\t\t\t\t\t\t<p>S\u00ec, la nostra propriet\u00e0 sono progettati per essere accessibile e confortevole, adattandosi alle diverse esigenze di mobilit\u00e0.<\/p>\t\t\t\t\t<\/div>\r\n\t\t\t\t<\/div>\r\n\t\t\t\t\t\t\t<div class=\"accordion-section\">\r\n\t\t\t\t\t<div class=\"accordion-header\">\r\n\t\t\t\t\t\t<div class=\"accordion-title-wrapper\">\r\n\t\t\t\t\t\t\t<h4 class=\"accordion-title\">C&#039;\u00e8 il Wifi gratuito nell&#039;alloggio?<\/h4>\t\t\t\t\t\t<\/div>\r\n\t\t\t\t\t\t\t\t\t\t\t\t\t<div class=\"accordion-icons\">\r\n\t\t\t\t\t\t\t\t<span\r\n\t\t\t\t\t\t\t\t\tclass=\"accordion-icon opened-icon\"><i class=\"fal fa-angle-down\"><\/i><\/span>\r\n\t\t\t\t\t\t\t\t<span\r\n\t\t\t\t\t\t\t\t\tclass=\"accordion-icon closed-icon\"><i class=\"fal fa-angle-up\"><\/i><\/span>\r\n\t\t\t\t\t\t\t<\/div>\r\n\t\t\t\t\t\t\t\t\t\t\t<\/div>\r\n\t\t\t\t\t<div class=\"accordion-content\">\r\n\t\t\t\t\t\t<p>S\u00ec, tutte le nostre sistemazioni sono dotate di connessione Wi-fi, in modo da poter essere collegato tutto il tempo, sia per lavoro, per rilassarsi con i tuoi contenuti preferiti, o rimanere in contatto con i tuoi cari. Facciamo in modo che la connessione \u00e8 stabile e di qualit\u00e0 per soddisfare le vostre esigenze durante il vostro soggiorno.<\/p>\t\t\t\t\t<\/div>\r\n\t\t\t\t<\/div>\r\n\t\t\t\t\t\t\t<div class=\"accordion-section\">\r\n\t\t\t\t\t<div class=\"accordion-header\">\r\n\t\t\t\t\t\t<div class=\"accordion-title-wrapper\">\r\n\t\t\t\t\t\t\t<h4 class=\"accordion-title\">C&#039;\u00e8 un parcheggio gratuito a disposizione?<\/h4>\t\t\t\t\t\t<\/div>\r\n\t\t\t\t\t\t\t\t\t\t\t\t\t<div class=\"accordion-icons\">\r\n\t\t\t\t\t\t\t\t<span\r\n\t\t\t\t\t\t\t\t\tclass=\"accordion-icon opened-icon\"><i class=\"fal fa-angle-down\"><\/i><\/span>\r\n\t\t\t\t\t\t\t\t<span\r\n\t\t\t\t\t\t\t\t\tclass=\"accordion-icon closed-icon\"><i class=\"fal fa-angle-up\"><\/i><\/span>\r\n\t\t\t\t\t\t\t<\/div>\r\n\t\t\t\t\t\t\t\t\t\t\t<\/div>\r\n\t\t\t\t\t<div class=\"accordion-content\">\r\n\t\t\t\t\t\t<p>S\u00ec, abbiamo un parcheggio gratuito per tutti i nostri ospiti.<\/p>\t\t\t\t\t<\/div>\r\n\t\t\t\t<\/div>\r\n\t\t\t\t\t\t\t<div class=\"accordion-section\">\r\n\t\t\t\t\t<div class=\"accordion-header\">\r\n\t\t\t\t\t\t<div class=\"accordion-title-wrapper\">\r\n\t\t\t\t\t\t\t<h4 class=\"accordion-title\">Siamo nei pressi dell&#039;aeroporto? <\/h4>\t\t\t\t\t\t<\/div>\r\n\t\t\t\t\t\t\t\t\t\t\t\t\t<div class=\"accordion-icons\">\r\n\t\t\t\t\t\t\t\t<span\r\n\t\t\t\t\t\t\t\t\tclass=\"accordion-icon opened-icon\"><i class=\"fal fa-angle-down\"><\/i><\/span>\r\n\t\t\t\t\t\t\t\t<span\r\n\t\t\t\t\t\t\t\t\tclass=\"accordion-icon closed-icon\"><i class=\"fal fa-angle-up\"><\/i><\/span>\r\n\t\t\t\t\t\t\t<\/div>\r\n\t\t\t\t\t\t\t\t\t\t\t<\/div>\r\n\t\t\t\t\t<div class=\"accordion-content\">\r\n\t\t\t\t\t\t<p>Se, siamo a soli 10 km dall&#039;aeroporto di Mahon.<\/p>\t\t\t\t\t<\/div>\r\n\t\t\t\t<\/div>\r\n\t\t\t\t\t<\/div>\r\n\t\t\t\t\t\t<\/div>\n\t\t\t\t<\/div>\n\t\t\t\t\t<\/div>\n\t\t<\/div>\n\t\t\t\t<div class=\"elementor-column elementor-col-50 elementor-top-column elementor-element elementor-element-1284d57\" data-id=\"1284d57\" data-element_type=\"column\" data-e-type=\"column\">\n\t\t\t<div class=\"elementor-widget-wrap elementor-element-populated\">\n\t\t\t\t\t\t<div class=\"elementor-element elementor-element-590768a elementor-widget elementor-widget-image\" data-id=\"590768a\" data-element_type=\"widget\" data-e-type=\"widget\" data-settings=\"{&quot;_animation&quot;:&quot;none&quot;}\" data-widget_type=\"image.default\">\n\t\t\t\t<div class=\"elementor-widget-container\">\n\t\t\t\t\t\t\t\t\t\t\t\t\t\t\t<img fetchpriority=\"high\" decoding=\"async\" width=\"1920\" height=\"2560\" src=\"https:\/\/siestamarmenorca.com\/wp-content\/uploads\/2025\/01\/IMG_8236-2-scaled.jpg\" class=\"attachment-full size-full wp-image-9621\" alt=\"\" srcset=\"https:\/\/siestamarmenorca.com\/wp-content\/uploads\/2025\/01\/IMG_8236-2-scaled.jpg 1920w, https:\/\/siestamarmenorca.com\/wp-content\/uploads\/2025\/01\/IMG_8236-2-225x300.jpg 225w, https:\/\/siestamarmenorca.com\/wp-content\/uploads\/2025\/01\/IMG_8236-2-768x1024.jpg 768w, https:\/\/siestamarmenorca.com\/wp-content\/uploads\/2025\/01\/IMG_8236-2-1152x1536.jpg 1152w, https:\/\/siestamarmenorca.com\/wp-content\/uploads\/2025\/01\/IMG_8236-2-1536x2048.jpg 1536w, https:\/\/siestamarmenorca.com\/wp-content\/uploads\/2025\/01\/IMG_8236-2-9x12.jpg 9w\" sizes=\"(max-width: 1920px) 100vw, 1920px\" \/>\t\t\t\t\t\t\t\t\t\t\t\t\t\t\t<\/div>\n\t\t\t\t<\/div>\n\t\t\t\t\t<\/div>\n\t\t<\/div>\n\t\t\t\t\t<\/div>\n\t\t<\/section>\n\t\t\t\t<section class=\"elementor-section elementor-top-section elementor-element elementor-element-1fc46fd elementor-section-stretched elementor-section-boxed elementor-section-gap-beside-yes elementor-section-height-default elementor-section-height-default elementor-section-column-vertical-align-stretch\" data-id=\"1fc46fd\" data-element_type=\"section\" data-e-type=\"section\" data-settings=\"{&quot;stretch_section&quot;:&quot;section-stretched&quot;,&quot;background_background&quot;:&quot;classic&quot;,&quot;animation&quot;:&quot;none&quot;}\">\n\t\t\t\t\t\t\t<div class=\"elementor-background-overlay\"><\/div>\n\t\t\t\t\t\t\t<div class=\"elementor-container elementor-column-gap-extended\">\n\t\t\t\t\t<div class=\"elementor-column elementor-col-100 elementor-top-column elementor-element elementor-element-cf9f29f\" data-id=\"cf9f29f\" data-element_type=\"column\" data-e-type=\"column\">\n\t\t\t<div class=\"elementor-widget-wrap elementor-element-populated\">\n\t\t\t\t\t\t<div class=\"elementor-element elementor-element-9c0bbaf elementor-widget__width-initial elementor-invisible elementor-widget elementor-widget-heading\" data-id=\"9c0bbaf\" data-element_type=\"widget\" data-e-type=\"widget\" data-settings=\"{&quot;_animation&quot;:&quot;nussFadeInUp&quot;}\" data-widget_type=\"heading.default\">\n\t\t\t\t<div class=\"elementor-widget-container\">\n\t\t\t\t\t<h3 class=\"elementor-heading-title elementor-size-default\">Se avete qualsiasi domanda, vi preghiamo di contattarci<\/h3>\t\t\t\t<\/div>\n\t\t\t\t<\/div>\n\t\t\t\t<div class=\"elementor-element elementor-element-38c1fca elementor-align-center elementor-invisible elementor-widget elementor-widget-button\" data-id=\"38c1fca\" data-element_type=\"widget\" data-e-type=\"widget\" data-settings=\"{&quot;_animation&quot;:&quot;nussFadeInUp&quot;}\" data-widget_type=\"button.default\">\n\t\t\t\t<div class=\"elementor-widget-container\">\n\t\t\t\t\t\t\t\t\t<div class=\"elementor-button-wrapper\">\n\t\t\t\t\t<a class=\"elementor-button elementor-button-link elementor-size-sm\" href=\"https:\/\/siestamarmenorca.com\/it\/contacto\/\">\n\t\t\t\t\t\t<span class=\"elementor-button-content-wrapper\">\n\t\t\t\t\t\t\t\t\t<span class=\"elementor-button-text\">Contatto<\/span>\n\t\t\t\t\t<\/span>\n\t\t\t\t\t<\/a>\n\t\t\t\t<\/div>\n\t\t\t\t\t\t\t\t<\/div>\n\t\t\t\t<\/div>\n\t\t\t\t\t<\/div>\n\t\t<\/div>\n\t\t\t\t\t<\/div>\n\t\t<\/section>\n\t\t\t\t<\/div>","protected":false},"excerpt":{"rendered":"<p>A continuaci\u00f3n, te presentamos una lista con las preguntas m\u00e1s frecuentes de nuestros hu\u00e9spedes Preguntas frecuentes Preguntas y respuestas \u00bfCuales son los horarios de Check-in y Check-out? Los horarios de check-in y check-out var\u00edan seg\u00fan el alojamiento y est\u00e1n detallados en la p\u00e1gina de cada propiedad en nuestra web. Si necesitas llegar antes o salir [&hellip;]<\/p>\n","protected":false},"author":2,"featured_media":0,"parent":0,"menu_order":0,"comment_status":"closed","ping_status":"closed","template":"elementor_header_footer","meta":{"footnotes":""},"class_list":["post-2105","page","type-page","status-publish","hentry","post-no-thumbnail"],"yoast_head":"<!-- This site is optimized with the Yoast SEO plugin v27.2 - https:\/\/yoast.com\/product\/yoast-seo-wordpress\/ -->\n<title>Preguntas frecuentes | Siesta Mar<\/title>\n<meta name=\"robots\" content=\"index, follow, max-snippet:-1, max-image-preview:large, max-video-preview:-1\" \/>\n<link rel=\"canonical\" href=\"https:\/\/siestamarmenorca.com\/it\/preguntas-frecuentes\/\" \/>\n<meta property=\"og:locale\" content=\"it_IT\" \/>\n<meta property=\"og:type\" content=\"article\" \/>\n<meta property=\"og:title\" content=\"Preguntas frecuentes | Siesta Mar\" \/>\n<meta property=\"og:description\" content=\"A continuaci\u00f3n, te presentamos una lista con las preguntas m\u00e1s frecuentes de nuestros hu\u00e9spedes Preguntas frecuentes Preguntas y respuestas \u00bfCuales son los horarios de Check-in y Check-out? Los horarios de check-in y check-out var\u00edan seg\u00fan el alojamiento y est\u00e1n detallados en la p\u00e1gina de cada propiedad en nuestra web. Si necesitas llegar antes o salir [&hellip;]\" \/>\n<meta property=\"og:url\" content=\"https:\/\/siestamarmenorca.com\/it\/preguntas-frecuentes\/\" \/>\n<meta property=\"og:site_name\" content=\"Siesta Mar\" \/>\n<meta property=\"article:publisher\" content=\"https:\/\/www.facebook.com\/galdaxproperties\" \/>\n<meta property=\"article:modified_time\" content=\"2025-02-27T09:14:18+00:00\" \/>\n<meta property=\"og:image\" content=\"https:\/\/www.siestamarmenorca.com\/wp-content\/uploads\/2025\/01\/IMG_8236-2-scaled.jpg\" \/>\n<meta name=\"twitter:card\" content=\"summary_large_image\" \/>\n<meta name=\"twitter:label1\" content=\"Tempo di lettura stimato\" \/>\n\t<meta name=\"twitter:data1\" content=\"2 minuti\" \/>\n<script type=\"application\/ld+json\" class=\"yoast-schema-graph\">{\"@context\":\"https:\/\/schema.org\",\"@graph\":[{\"@type\":\"WebPage\",\"@id\":\"https:\/\/siestamarmenorca.com\/preguntas-frecuentes\/\",\"url\":\"https:\/\/siestamarmenorca.com\/preguntas-frecuentes\/\",\"name\":\"Preguntas frecuentes | Siesta Mar\",\"isPartOf\":{\"@id\":\"https:\/\/siestamarmenorca.com\/#website\"},\"primaryImageOfPage\":{\"@id\":\"https:\/\/siestamarmenorca.com\/preguntas-frecuentes\/#primaryimage\"},\"image\":{\"@id\":\"https:\/\/siestamarmenorca.com\/preguntas-frecuentes\/#primaryimage\"},\"thumbnailUrl\":\"https:\/\/www.siestamarmenorca.com\/wp-content\/uploads\/2025\/01\/IMG_8236-2-scaled.jpg\",\"datePublished\":\"2021-03-24T07:25:45+00:00\",\"dateModified\":\"2025-02-27T09:14:18+00:00\",\"breadcrumb\":{\"@id\":\"https:\/\/siestamarmenorca.com\/preguntas-frecuentes\/#breadcrumb\"},\"inLanguage\":\"it-IT\",\"potentialAction\":[{\"@type\":\"ReadAction\",\"target\":[\"https:\/\/siestamarmenorca.com\/preguntas-frecuentes\/\"]}]},{\"@type\":\"ImageObject\",\"inLanguage\":\"it-IT\",\"@id\":\"https:\/\/siestamarmenorca.com\/preguntas-frecuentes\/#primaryimage\",\"url\":\"https:\/\/www.siestamarmenorca.com\/wp-content\/uploads\/2025\/01\/IMG_8236-2-scaled.jpg\",\"contentUrl\":\"https:\/\/www.siestamarmenorca.com\/wp-content\/uploads\/2025\/01\/IMG_8236-2-scaled.jpg\"},{\"@type\":\"BreadcrumbList\",\"@id\":\"https:\/\/siestamarmenorca.com\/preguntas-frecuentes\/#breadcrumb\",\"itemListElement\":[{\"@type\":\"ListItem\",\"position\":1,\"name\":\"Home\",\"item\":\"https:\/\/siestamarmenorca.com\/\"},{\"@type\":\"ListItem\",\"position\":2,\"name\":\"Preguntas frecuentes\"}]},{\"@type\":\"WebSite\",\"@id\":\"https:\/\/siestamarmenorca.com\/#website\",\"url\":\"https:\/\/siestamarmenorca.com\/\",\"name\":\"Siesta Mar | Alquiler de apartamentos en Menorca\",\"description\":\"\",\"publisher\":{\"@id\":\"https:\/\/siestamarmenorca.com\/#organization\"},\"potentialAction\":[{\"@type\":\"SearchAction\",\"target\":{\"@type\":\"EntryPoint\",\"urlTemplate\":\"https:\/\/siestamarmenorca.com\/?s={search_term_string}\"},\"query-input\":{\"@type\":\"PropertyValueSpecification\",\"valueRequired\":true,\"valueName\":\"search_term_string\"}}],\"inLanguage\":\"it-IT\"},{\"@type\":\"Organization\",\"@id\":\"https:\/\/siestamarmenorca.com\/#organization\",\"name\":\"Siesta Mar | Alquiler de apartamentos en Menorca\",\"url\":\"https:\/\/siestamarmenorca.com\/\",\"logo\":{\"@type\":\"ImageObject\",\"inLanguage\":\"it-IT\",\"@id\":\"https:\/\/siestamarmenorca.com\/#\/schema\/logo\/image\/\",\"url\":\"https:\/\/www.siestamarmenorca.com\/wp-content\/uploads\/2024\/12\/favicon.png\",\"contentUrl\":\"https:\/\/www.siestamarmenorca.com\/wp-content\/uploads\/2024\/12\/favicon.png\",\"width\":500,\"height\":500,\"caption\":\"Siesta Mar | Alquiler de apartamentos en Menorca\"},\"image\":{\"@id\":\"https:\/\/siestamarmenorca.com\/#\/schema\/logo\/image\/\"},\"sameAs\":[\"https:\/\/www.facebook.com\/galdaxproperties\",\"https:\/\/instagram.com\/galdaxproperties\"]}]}<\/script>\n<!-- \/ Yoast SEO plugin. -->","yoast_head_json":{"title":"Domande frequenti | Siesta Mar","robots":{"index":"index","follow":"follow","max-snippet":"max-snippet:-1","max-image-preview":"max-image-preview:large","max-video-preview":"max-video-preview:-1"},"canonical":"https:\/\/siestamarmenorca.com\/it\/preguntas-frecuentes\/","og_locale":"it_IT","og_type":"article","og_title":"Preguntas frecuentes | Siesta Mar","og_description":"A continuaci\u00f3n, te presentamos una lista con las preguntas m\u00e1s frecuentes de nuestros hu\u00e9spedes Preguntas frecuentes Preguntas y respuestas \u00bfCuales son los horarios de Check-in y Check-out? Los horarios de check-in y check-out var\u00edan seg\u00fan el alojamiento y est\u00e1n detallados en la p\u00e1gina de cada propiedad en nuestra web. Si necesitas llegar antes o salir [&hellip;]","og_url":"https:\/\/siestamarmenorca.com\/it\/preguntas-frecuentes\/","og_site_name":"Siesta Mar","article_publisher":"https:\/\/www.facebook.com\/galdaxproperties","article_modified_time":"2025-02-27T09:14:18+00:00","og_image":[{"url":"https:\/\/www.siestamarmenorca.com\/wp-content\/uploads\/2025\/01\/IMG_8236-2-scaled.jpg","type":"","width":"","height":""}],"twitter_card":"summary_large_image","twitter_misc":{"Tempo di lettura stimato":"2 minuti"},"schema":{"@context":"https:\/\/schema.org","@graph":[{"@type":"WebPage","@id":"https:\/\/siestamarmenorca.com\/preguntas-frecuentes\/","url":"https:\/\/siestamarmenorca.com\/preguntas-frecuentes\/","name":"Domande frequenti | Siesta Mar","isPartOf":{"@id":"https:\/\/siestamarmenorca.com\/#website"},"primaryImageOfPage":{"@id":"https:\/\/siestamarmenorca.com\/preguntas-frecuentes\/#primaryimage"},"image":{"@id":"https:\/\/siestamarmenorca.com\/preguntas-frecuentes\/#primaryimage"},"thumbnailUrl":"https:\/\/www.siestamarmenorca.com\/wp-content\/uploads\/2025\/01\/IMG_8236-2-scaled.jpg","datePublished":"2021-03-24T07:25:45+00:00","dateModified":"2025-02-27T09:14:18+00:00","breadcrumb":{"@id":"https:\/\/siestamarmenorca.com\/preguntas-frecuentes\/#breadcrumb"},"inLanguage":"it-IT","potentialAction":[{"@type":"ReadAction","target":["https:\/\/siestamarmenorca.com\/preguntas-frecuentes\/"]}]},{"@type":"ImageObject","inLanguage":"it-IT","@id":"https:\/\/siestamarmenorca.com\/preguntas-frecuentes\/#primaryimage","url":"https:\/\/www.siestamarmenorca.com\/wp-content\/uploads\/2025\/01\/IMG_8236-2-scaled.jpg","contentUrl":"https:\/\/www.siestamarmenorca.com\/wp-content\/uploads\/2025\/01\/IMG_8236-2-scaled.jpg"},{"@type":"BreadcrumbList","@id":"https:\/\/siestamarmenorca.com\/preguntas-frecuentes\/#breadcrumb","itemListElement":[{"@type":"ListItem","position":1,"name":"Home","item":"https:\/\/siestamarmenorca.com\/"},{"@type":"ListItem","position":2,"name":"Preguntas frecuentes"}]},{"@type":"WebSite","@id":"https:\/\/siestamarmenorca.com\/#website","url":"https:\/\/siestamarmenorca.com\/","name":"Siesta Mar | Appartamentos in Affitto a Minorca","description":"","publisher":{"@id":"https:\/\/siestamarmenorca.com\/#organization"},"potentialAction":[{"@type":"SearchAction","target":{"@type":"EntryPoint","urlTemplate":"https:\/\/siestamarmenorca.com\/?s={search_term_string}"},"query-input":{"@type":"PropertyValueSpecification","valueRequired":true,"valueName":"search_term_string"}}],"inLanguage":"it-IT"},{"@type":"Organization","@id":"https:\/\/siestamarmenorca.com\/#organization","name":"Siesta Mar | Appartamentos in Affitto a Minorca","url":"https:\/\/siestamarmenorca.com\/","logo":{"@type":"ImageObject","inLanguage":"it-IT","@id":"https:\/\/siestamarmenorca.com\/#\/schema\/logo\/image\/","url":"https:\/\/www.siestamarmenorca.com\/wp-content\/uploads\/2024\/12\/favicon.png","contentUrl":"https:\/\/www.siestamarmenorca.com\/wp-content\/uploads\/2024\/12\/favicon.png","width":500,"height":500,"caption":"Siesta Mar | Alquiler de apartamentos en Menorca"},"image":{"@id":"https:\/\/siestamarmenorca.com\/#\/schema\/logo\/image\/"},"sameAs":["https:\/\/www.facebook.com\/galdaxproperties","https:\/\/instagram.com\/galdaxproperties"]}]}},"_links":{"self":[{"href":"https:\/\/siestamarmenorca.com\/it\/wp-json\/wp\/v2\/pages\/2105","targetHints":{"allow":["GET"]}}],"collection":[{"href":"https:\/\/siestamarmenorca.com\/it\/wp-json\/wp\/v2\/pages"}],"about":[{"href":"https:\/\/siestamarmenorca.com\/it\/wp-json\/wp\/v2\/types\/page"}],"author":[{"embeddable":true,"href":"https:\/\/siestamarmenorca.com\/it\/wp-json\/wp\/v2\/users\/2"}],"replies":[{"embeddable":true,"href":"https:\/\/siestamarmenorca.com\/it\/wp-json\/wp\/v2\/comments?post=2105"}],"version-history":[{"count":67,"href":"https:\/\/siestamarmenorca.com\/it\/wp-json\/wp\/v2\/pages\/2105\/revisions"}],"predecessor-version":[{"id":12605,"href":"https:\/\/siestamarmenorca.com\/it\/wp-json\/wp\/v2\/pages\/2105\/revisions\/12605"}],"wp:attachment":[{"href":"https:\/\/siestamarmenorca.com\/it\/wp-json\/wp\/v2\/media?parent=2105"}],"curies":[{"name":"wp","href":"https:\/\/api.w.org\/{rel}","templated":true}]}}