{"id":2105,"date":"2021-03-24T07:25:45","date_gmt":"2021-03-24T07:25:45","guid":{"rendered":"http:\/\/localhost\/nuss\/?page_id=235"},"modified":"2025-02-27T10:14:18","modified_gmt":"2025-02-27T09:14:18","slug":"preguntas-frecuentes","status":"publish","type":"page","link":"https:\/\/siestamarmenorca.com\/en\/preguntas-frecuentes\/","title":{"rendered":"Frequently asked questions"},"content":{"rendered":"<div data-elementor-type=\"wp-page\" data-elementor-id=\"2105\" class=\"elementor elementor-2105\">\n\t\t\t\t\t\t<section class=\"elementor-section elementor-top-section elementor-element elementor-element-2a96a73 elementor-section-boxed elementor-section-gap-beside-yes elementor-section-height-default elementor-section-height-default elementor-section-column-vertical-align-stretch\" data-id=\"2a96a73\" data-element_type=\"section\" data-e-type=\"section\">\n\t\t\t\t\t\t<div class=\"elementor-container elementor-column-gap-extended\">\n\t\t\t\t\t<div class=\"elementor-column elementor-col-100 elementor-top-column elementor-element elementor-element-98ef20c\" data-id=\"98ef20c\" data-element_type=\"column\" data-e-type=\"column\">\n\t\t\t<div class=\"elementor-widget-wrap elementor-element-populated\">\n\t\t\t\t\t\t<div class=\"elementor-element elementor-element-97088c0 elementor-widget__width-initial elementor-invisible elementor-widget elementor-widget-text-editor\" data-id=\"97088c0\" data-element_type=\"widget\" data-e-type=\"widget\" data-settings=\"{&quot;_animation&quot;:&quot;nussFadeInUp&quot;}\" data-widget_type=\"text-editor.default\">\n\t\t\t\t<div class=\"elementor-widget-container\">\n\t\t\t\t\t\t\t\t\t<p>Below, we present to you a list of the most frequently asked questions from our guests<\/p>\t\t\t\t\t\t\t\t<\/div>\n\t\t\t\t<\/div>\n\t\t\t\t\t<\/div>\n\t\t<\/div>\n\t\t\t\t\t<\/div>\n\t\t<\/section>\n\t\t\t\t<section class=\"elementor-section elementor-top-section elementor-element elementor-element-b184647 elementor-section-gap-beside-no elementor-section-boxed elementor-section-height-default elementor-section-height-default elementor-section-column-vertical-align-stretch\" data-id=\"b184647\" data-element_type=\"section\" data-e-type=\"section\">\n\t\t\t\t\t\t<div class=\"elementor-container elementor-column-gap-extended\">\n\t\t\t\t\t<div class=\"elementor-column elementor-col-50 elementor-top-column elementor-element elementor-element-1d49749\" data-id=\"1d49749\" data-element_type=\"column\" data-e-type=\"column\">\n\t\t\t<div class=\"elementor-widget-wrap elementor-element-populated\">\n\t\t\t\t\t\t<div class=\"elementor-element elementor-element-b986a9e elementor-invisible elementor-widget elementor-widget-nuss-heading\" data-id=\"b986a9e\" data-element_type=\"widget\" data-e-type=\"widget\" data-settings=\"{&quot;_animation&quot;:&quot;nussFadeInUp&quot;}\" data-widget_type=\"nuss-heading.default\">\n\t\t\t\t<div class=\"elementor-widget-container\">\n\t\t\t\t\t\t\t<div class=\"nuss-modern-heading\">\r\n\t\t\t\r\n\t\t\t\t\t\t<div class=\"heading-primary-wrap\">\r\n\t\t\t\t<h4 class=\"heading-primary elementor-heading-title\">Frequently asked questions<\/h4>\t\t\t<\/div>\r\n\t\t\r\n\t\t\t\t\t\t<div class=\"heading-divider-wrap\">\r\n\t\t\t\t<div class=\"heading-divider\" style=\"left: 0px;top: 6px\"><\/div>\r\n\t\t\t<\/div>\r\n\t\r\n\t\t\t\t\t<\/div>\r\n\t\t\t\t\t<\/div>\n\t\t\t\t<\/div>\n\t\t\t\t<div class=\"elementor-element elementor-element-50f0733 elementor-invisible elementor-widget elementor-widget-heading\" data-id=\"50f0733\" data-element_type=\"widget\" data-e-type=\"widget\" data-settings=\"{&quot;_animation&quot;:&quot;nussFadeInUp&quot;}\" data-widget_type=\"heading.default\">\n\t\t\t\t<div class=\"elementor-widget-container\">\n\t\t\t\t\t<h2 class=\"elementor-heading-title elementor-size-default\">Questions and answers<\/h2>\t\t\t\t<\/div>\n\t\t\t\t<\/div>\n\t\t\t\t<div class=\"elementor-element elementor-element-a865a9f nuss-accordion-style-03 elementor-invisible elementor-widget elementor-widget-nuss-accordion\" data-id=\"a865a9f\" data-element_type=\"widget\" data-e-type=\"widget\" data-settings=\"{&quot;_animation&quot;:&quot;nussFadeInUp&quot;}\" data-widget_type=\"nuss-accordion.default\">\n\t\t\t\t<div class=\"elementor-widget-container\">\n\t\t\t\t\t\t\t<div class=\"nuss-accordion nuss-accordion-icon-right\">\r\n\t\t\t\t\t\t\t<div class=\"accordion-section\">\r\n\t\t\t\t\t<div class=\"accordion-header\">\r\n\t\t\t\t\t\t<div class=\"accordion-title-wrapper\">\r\n\t\t\t\t\t\t\t<h4 class=\"accordion-title\">What are the Check-in and Check-out?<\/h4>\t\t\t\t\t\t<\/div>\r\n\t\t\t\t\t\t\t\t\t\t\t\t\t<div class=\"accordion-icons\">\r\n\t\t\t\t\t\t\t\t<span\r\n\t\t\t\t\t\t\t\t\tclass=\"accordion-icon opened-icon\"><i class=\"fal fa-angle-down\"><\/i><\/span>\r\n\t\t\t\t\t\t\t\t<span\r\n\t\t\t\t\t\t\t\t\tclass=\"accordion-icon closed-icon\"><i class=\"fal fa-angle-up\"><\/i><\/span>\r\n\t\t\t\t\t\t\t<\/div>\r\n\t\t\t\t\t\t\t\t\t\t\t<\/div>\r\n\t\t\t\t\t<div class=\"accordion-content\">\r\n\t\t\t\t\t\t<p>The check-in and check-out times vary according to the accommodation and are detailed on the page of each property on our website. If you need to arrive earlier or leave later, we will be happy to organise it if available; just let us know in advance.<\/p>\t\t\t\t\t<\/div>\r\n\t\t\t\t<\/div>\r\n\t\t\t\t\t\t\t<div class=\"accordion-section\">\r\n\t\t\t\t\t<div class=\"accordion-header\">\r\n\t\t\t\t\t\t<div class=\"accordion-title-wrapper\">\r\n\t\t\t\t\t\t\t<h4 class=\"accordion-title\">Is there a 24 hour reception service?<\/h4>\t\t\t\t\t\t<\/div>\r\n\t\t\t\t\t\t\t\t\t\t\t\t\t<div class=\"accordion-icons\">\r\n\t\t\t\t\t\t\t\t<span\r\n\t\t\t\t\t\t\t\t\tclass=\"accordion-icon opened-icon\"><i class=\"fal fa-angle-down\"><\/i><\/span>\r\n\t\t\t\t\t\t\t\t<span\r\n\t\t\t\t\t\t\t\t\tclass=\"accordion-icon closed-icon\"><i class=\"fal fa-angle-up\"><\/i><\/span>\r\n\t\t\t\t\t\t\t<\/div>\r\n\t\t\t\t\t\t\t\t\t\t\t<\/div>\r\n\t\t\t\t\t<div class=\"accordion-content\">\r\n\t\t\t\t\t\t<p>The reception is available during set hours, but thanks to our system of stored keys, you can access your accommodation comfortably at any time.<\/p>\t\t\t\t\t<\/div>\r\n\t\t\t\t<\/div>\r\n\t\t\t\t\t\t\t<div class=\"accordion-section\">\r\n\t\t\t\t\t<div class=\"accordion-header\">\r\n\t\t\t\t\t\t<div class=\"accordion-title-wrapper\">\r\n\t\t\t\t\t\t\t<h4 class=\"accordion-title\">Are we prepared for families with children?<\/h4>\t\t\t\t\t\t<\/div>\r\n\t\t\t\t\t\t\t\t\t\t\t\t\t<div class=\"accordion-icons\">\r\n\t\t\t\t\t\t\t\t<span\r\n\t\t\t\t\t\t\t\t\tclass=\"accordion-icon opened-icon\"><i class=\"fal fa-angle-down\"><\/i><\/span>\r\n\t\t\t\t\t\t\t\t<span\r\n\t\t\t\t\t\t\t\t\tclass=\"accordion-icon closed-icon\"><i class=\"fal fa-angle-up\"><\/i><\/span>\r\n\t\t\t\t\t\t\t<\/div>\r\n\t\t\t\t\t\t\t\t\t\t\t<\/div>\r\n\t\t\t\t\t<div class=\"accordion-content\">\r\n\t\t\t\t\t\t<p>Of course! Our facilities are designed to ensure a comfortable and fun for the whole family. When making your reservation, you can request a high chair and cot for your baby. In addition, we have children&#039;s playgrounds in the common areas, where younger guests can play safely, and pools, perfect for entertaining while you enjoy a well-deserved rest.<\/p>\t\t\t\t\t<\/div>\r\n\t\t\t\t<\/div>\r\n\t\t\t\t\t\t\t<div class=\"accordion-section\">\r\n\t\t\t\t\t<div class=\"accordion-header\">\r\n\t\t\t\t\t\t<div class=\"accordion-title-wrapper\">\r\n\t\t\t\t\t\t\t<h4 class=\"accordion-title\">What are the accommodations prepared for all the needs?<\/h4>\t\t\t\t\t\t<\/div>\r\n\t\t\t\t\t\t\t\t\t\t\t\t\t<div class=\"accordion-icons\">\r\n\t\t\t\t\t\t\t\t<span\r\n\t\t\t\t\t\t\t\t\tclass=\"accordion-icon opened-icon\"><i class=\"fal fa-angle-down\"><\/i><\/span>\r\n\t\t\t\t\t\t\t\t<span\r\n\t\t\t\t\t\t\t\t\tclass=\"accordion-icon closed-icon\"><i class=\"fal fa-angle-up\"><\/i><\/span>\r\n\t\t\t\t\t\t\t<\/div>\r\n\t\t\t\t\t\t\t\t\t\t\t<\/div>\r\n\t\t\t\t\t<div class=\"accordion-content\">\r\n\t\t\t\t\t\t<p>Yes, our properties are designed to be accessible and comfortable, adapting to different needs of mobility.<\/p>\t\t\t\t\t<\/div>\r\n\t\t\t\t<\/div>\r\n\t\t\t\t\t\t\t<div class=\"accordion-section\">\r\n\t\t\t\t\t<div class=\"accordion-header\">\r\n\t\t\t\t\t\t<div class=\"accordion-title-wrapper\">\r\n\t\t\t\t\t\t\t<h4 class=\"accordion-title\">Is there free Wifi in the accommodation?<\/h4>\t\t\t\t\t\t<\/div>\r\n\t\t\t\t\t\t\t\t\t\t\t\t\t<div class=\"accordion-icons\">\r\n\t\t\t\t\t\t\t\t<span\r\n\t\t\t\t\t\t\t\t\tclass=\"accordion-icon opened-icon\"><i class=\"fal fa-angle-down\"><\/i><\/span>\r\n\t\t\t\t\t\t\t\t<span\r\n\t\t\t\t\t\t\t\t\tclass=\"accordion-icon closed-icon\"><i class=\"fal fa-angle-up\"><\/i><\/span>\r\n\t\t\t\t\t\t\t<\/div>\r\n\t\t\t\t\t\t\t\t\t\t\t<\/div>\r\n\t\t\t\t\t<div class=\"accordion-content\">\r\n\t\t\t\t\t\t<p>Yes, all of our accommodations come with free Wi-fi, so you can be connected all the time, whether for work, to relax with your favorite content, or stay in touch with your loved ones. We make sure that the connection is stable and quality to meet your needs during your stay.<\/p>\t\t\t\t\t<\/div>\r\n\t\t\t\t<\/div>\r\n\t\t\t\t\t\t\t<div class=\"accordion-section\">\r\n\t\t\t\t\t<div class=\"accordion-header\">\r\n\t\t\t\t\t\t<div class=\"accordion-title-wrapper\">\r\n\t\t\t\t\t\t\t<h4 class=\"accordion-title\">Is there free parking available?<\/h4>\t\t\t\t\t\t<\/div>\r\n\t\t\t\t\t\t\t\t\t\t\t\t\t<div class=\"accordion-icons\">\r\n\t\t\t\t\t\t\t\t<span\r\n\t\t\t\t\t\t\t\t\tclass=\"accordion-icon opened-icon\"><i class=\"fal fa-angle-down\"><\/i><\/span>\r\n\t\t\t\t\t\t\t\t<span\r\n\t\t\t\t\t\t\t\t\tclass=\"accordion-icon closed-icon\"><i class=\"fal fa-angle-up\"><\/i><\/span>\r\n\t\t\t\t\t\t\t<\/div>\r\n\t\t\t\t\t\t\t\t\t\t\t<\/div>\r\n\t\t\t\t\t<div class=\"accordion-content\">\r\n\t\t\t\t\t\t<p>Yes, we have free parking for all our guests.<\/p>\t\t\t\t\t<\/div>\r\n\t\t\t\t<\/div>\r\n\t\t\t\t\t\t\t<div class=\"accordion-section\">\r\n\t\t\t\t\t<div class=\"accordion-header\">\r\n\t\t\t\t\t\t<div class=\"accordion-title-wrapper\">\r\n\t\t\t\t\t\t\t<h4 class=\"accordion-title\">Are we near the airport? <\/h4>\t\t\t\t\t\t<\/div>\r\n\t\t\t\t\t\t\t\t\t\t\t\t\t<div class=\"accordion-icons\">\r\n\t\t\t\t\t\t\t\t<span\r\n\t\t\t\t\t\t\t\t\tclass=\"accordion-icon opened-icon\"><i class=\"fal fa-angle-down\"><\/i><\/span>\r\n\t\t\t\t\t\t\t\t<span\r\n\t\t\t\t\t\t\t\t\tclass=\"accordion-icon closed-icon\"><i class=\"fal fa-angle-up\"><\/i><\/span>\r\n\t\t\t\t\t\t\t<\/div>\r\n\t\t\t\t\t\t\t\t\t\t\t<\/div>\r\n\t\t\t\t\t<div class=\"accordion-content\">\r\n\t\t\t\t\t\t<p>If, we are just 10 km from Mahon airport.<\/p>\t\t\t\t\t<\/div>\r\n\t\t\t\t<\/div>\r\n\t\t\t\t\t<\/div>\r\n\t\t\t\t\t\t<\/div>\n\t\t\t\t<\/div>\n\t\t\t\t\t<\/div>\n\t\t<\/div>\n\t\t\t\t<div class=\"elementor-column elementor-col-50 elementor-top-column elementor-element elementor-element-1284d57\" data-id=\"1284d57\" data-element_type=\"column\" data-e-type=\"column\">\n\t\t\t<div class=\"elementor-widget-wrap elementor-element-populated\">\n\t\t\t\t\t\t<div class=\"elementor-element elementor-element-590768a elementor-widget elementor-widget-image\" data-id=\"590768a\" data-element_type=\"widget\" data-e-type=\"widget\" data-settings=\"{&quot;_animation&quot;:&quot;none&quot;}\" data-widget_type=\"image.default\">\n\t\t\t\t<div class=\"elementor-widget-container\">\n\t\t\t\t\t\t\t\t\t\t\t\t\t\t\t<img fetchpriority=\"high\" decoding=\"async\" width=\"1920\" height=\"2560\" src=\"https:\/\/siestamarmenorca.com\/wp-content\/uploads\/2025\/01\/IMG_8236-2-scaled.jpg\" class=\"attachment-full size-full wp-image-9621\" alt=\"\" srcset=\"https:\/\/siestamarmenorca.com\/wp-content\/uploads\/2025\/01\/IMG_8236-2-scaled.jpg 1920w, https:\/\/siestamarmenorca.com\/wp-content\/uploads\/2025\/01\/IMG_8236-2-225x300.jpg 225w, https:\/\/siestamarmenorca.com\/wp-content\/uploads\/2025\/01\/IMG_8236-2-768x1024.jpg 768w, https:\/\/siestamarmenorca.com\/wp-content\/uploads\/2025\/01\/IMG_8236-2-1152x1536.jpg 1152w, https:\/\/siestamarmenorca.com\/wp-content\/uploads\/2025\/01\/IMG_8236-2-1536x2048.jpg 1536w, https:\/\/siestamarmenorca.com\/wp-content\/uploads\/2025\/01\/IMG_8236-2-9x12.jpg 9w\" sizes=\"(max-width: 1920px) 100vw, 1920px\" \/>\t\t\t\t\t\t\t\t\t\t\t\t\t\t\t<\/div>\n\t\t\t\t<\/div>\n\t\t\t\t\t<\/div>\n\t\t<\/div>\n\t\t\t\t\t<\/div>\n\t\t<\/section>\n\t\t\t\t<section class=\"elementor-section elementor-top-section elementor-element elementor-element-1fc46fd elementor-section-stretched elementor-section-boxed elementor-section-gap-beside-yes elementor-section-height-default elementor-section-height-default elementor-section-column-vertical-align-stretch\" data-id=\"1fc46fd\" data-element_type=\"section\" data-e-type=\"section\" data-settings=\"{&quot;stretch_section&quot;:&quot;section-stretched&quot;,&quot;background_background&quot;:&quot;classic&quot;,&quot;animation&quot;:&quot;none&quot;}\">\n\t\t\t\t\t\t\t<div class=\"elementor-background-overlay\"><\/div>\n\t\t\t\t\t\t\t<div class=\"elementor-container elementor-column-gap-extended\">\n\t\t\t\t\t<div class=\"elementor-column elementor-col-100 elementor-top-column elementor-element elementor-element-cf9f29f\" data-id=\"cf9f29f\" data-element_type=\"column\" data-e-type=\"column\">\n\t\t\t<div class=\"elementor-widget-wrap elementor-element-populated\">\n\t\t\t\t\t\t<div class=\"elementor-element elementor-element-9c0bbaf elementor-widget__width-initial elementor-invisible elementor-widget elementor-widget-heading\" data-id=\"9c0bbaf\" data-element_type=\"widget\" data-e-type=\"widget\" data-settings=\"{&quot;_animation&quot;:&quot;nussFadeInUp&quot;}\" data-widget_type=\"heading.default\">\n\t\t\t\t<div class=\"elementor-widget-container\">\n\t\t\t\t\t<h3 class=\"elementor-heading-title elementor-size-default\">If you have any question, please contact us<\/h3>\t\t\t\t<\/div>\n\t\t\t\t<\/div>\n\t\t\t\t<div class=\"elementor-element elementor-element-38c1fca elementor-align-center elementor-invisible elementor-widget elementor-widget-button\" data-id=\"38c1fca\" data-element_type=\"widget\" data-e-type=\"widget\" data-settings=\"{&quot;_animation&quot;:&quot;nussFadeInUp&quot;}\" data-widget_type=\"button.default\">\n\t\t\t\t<div class=\"elementor-widget-container\">\n\t\t\t\t\t\t\t\t\t<div class=\"elementor-button-wrapper\">\n\t\t\t\t\t<a class=\"elementor-button elementor-button-link elementor-size-sm\" href=\"https:\/\/siestamarmenorca.com\/en\/contacto\/\">\n\t\t\t\t\t\t<span class=\"elementor-button-content-wrapper\">\n\t\t\t\t\t\t\t\t\t<span class=\"elementor-button-text\">Contact<\/span>\n\t\t\t\t\t<\/span>\n\t\t\t\t\t<\/a>\n\t\t\t\t<\/div>\n\t\t\t\t\t\t\t\t<\/div>\n\t\t\t\t<\/div>\n\t\t\t\t\t<\/div>\n\t\t<\/div>\n\t\t\t\t\t<\/div>\n\t\t<\/section>\n\t\t\t\t<\/div>","protected":false},"excerpt":{"rendered":"<p>A continuaci\u00f3n, te presentamos una lista con las preguntas m\u00e1s frecuentes de nuestros hu\u00e9spedes Preguntas frecuentes Preguntas y respuestas \u00bfCuales son los horarios de Check-in y Check-out? Los horarios de check-in y check-out var\u00edan seg\u00fan el alojamiento y est\u00e1n detallados en la p\u00e1gina de cada propiedad en nuestra web. Si necesitas llegar antes o salir [&hellip;]<\/p>\n","protected":false},"author":2,"featured_media":0,"parent":0,"menu_order":0,"comment_status":"closed","ping_status":"closed","template":"elementor_header_footer","meta":{"footnotes":""},"class_list":["post-2105","page","type-page","status-publish","hentry","post-no-thumbnail"],"yoast_head":"<!-- This site is optimized with the Yoast SEO plugin v27.2 - https:\/\/yoast.com\/product\/yoast-seo-wordpress\/ -->\n<title>Preguntas frecuentes | Siesta Mar<\/title>\n<meta name=\"robots\" content=\"index, follow, max-snippet:-1, max-image-preview:large, max-video-preview:-1\" \/>\n<link rel=\"canonical\" href=\"https:\/\/siestamarmenorca.com\/en\/preguntas-frecuentes\/\" \/>\n<meta property=\"og:locale\" content=\"en_US\" \/>\n<meta property=\"og:type\" content=\"article\" \/>\n<meta property=\"og:title\" content=\"Preguntas frecuentes | Siesta Mar\" \/>\n<meta property=\"og:description\" content=\"A continuaci\u00f3n, te presentamos una lista con las preguntas m\u00e1s frecuentes de nuestros hu\u00e9spedes Preguntas frecuentes Preguntas y respuestas \u00bfCuales son los horarios de Check-in y Check-out? Los horarios de check-in y check-out var\u00edan seg\u00fan el alojamiento y est\u00e1n detallados en la p\u00e1gina de cada propiedad en nuestra web. Si necesitas llegar antes o salir [&hellip;]\" \/>\n<meta property=\"og:url\" content=\"https:\/\/siestamarmenorca.com\/en\/preguntas-frecuentes\/\" \/>\n<meta property=\"og:site_name\" content=\"Siesta Mar\" \/>\n<meta property=\"article:publisher\" content=\"https:\/\/www.facebook.com\/galdaxproperties\" \/>\n<meta property=\"article:modified_time\" content=\"2025-02-27T09:14:18+00:00\" \/>\n<meta property=\"og:image\" content=\"https:\/\/www.siestamarmenorca.com\/wp-content\/uploads\/2025\/01\/IMG_8236-2-scaled.jpg\" \/>\n<meta name=\"twitter:card\" content=\"summary_large_image\" \/>\n<meta name=\"twitter:label1\" content=\"Est. reading time\" \/>\n\t<meta name=\"twitter:data1\" content=\"2 minutes\" \/>\n<script type=\"application\/ld+json\" class=\"yoast-schema-graph\">{\"@context\":\"https:\/\/schema.org\",\"@graph\":[{\"@type\":\"WebPage\",\"@id\":\"https:\/\/siestamarmenorca.com\/preguntas-frecuentes\/\",\"url\":\"https:\/\/siestamarmenorca.com\/preguntas-frecuentes\/\",\"name\":\"Preguntas frecuentes | Siesta Mar\",\"isPartOf\":{\"@id\":\"https:\/\/siestamarmenorca.com\/#website\"},\"primaryImageOfPage\":{\"@id\":\"https:\/\/siestamarmenorca.com\/preguntas-frecuentes\/#primaryimage\"},\"image\":{\"@id\":\"https:\/\/siestamarmenorca.com\/preguntas-frecuentes\/#primaryimage\"},\"thumbnailUrl\":\"https:\/\/www.siestamarmenorca.com\/wp-content\/uploads\/2025\/01\/IMG_8236-2-scaled.jpg\",\"datePublished\":\"2021-03-24T07:25:45+00:00\",\"dateModified\":\"2025-02-27T09:14:18+00:00\",\"breadcrumb\":{\"@id\":\"https:\/\/siestamarmenorca.com\/preguntas-frecuentes\/#breadcrumb\"},\"inLanguage\":\"en-US\",\"potentialAction\":[{\"@type\":\"ReadAction\",\"target\":[\"https:\/\/siestamarmenorca.com\/preguntas-frecuentes\/\"]}]},{\"@type\":\"ImageObject\",\"inLanguage\":\"en-US\",\"@id\":\"https:\/\/siestamarmenorca.com\/preguntas-frecuentes\/#primaryimage\",\"url\":\"https:\/\/www.siestamarmenorca.com\/wp-content\/uploads\/2025\/01\/IMG_8236-2-scaled.jpg\",\"contentUrl\":\"https:\/\/www.siestamarmenorca.com\/wp-content\/uploads\/2025\/01\/IMG_8236-2-scaled.jpg\"},{\"@type\":\"BreadcrumbList\",\"@id\":\"https:\/\/siestamarmenorca.com\/preguntas-frecuentes\/#breadcrumb\",\"itemListElement\":[{\"@type\":\"ListItem\",\"position\":1,\"name\":\"Home\",\"item\":\"https:\/\/siestamarmenorca.com\/\"},{\"@type\":\"ListItem\",\"position\":2,\"name\":\"Preguntas frecuentes\"}]},{\"@type\":\"WebSite\",\"@id\":\"https:\/\/siestamarmenorca.com\/#website\",\"url\":\"https:\/\/siestamarmenorca.com\/\",\"name\":\"Siesta Mar | Alquiler de apartamentos en Menorca\",\"description\":\"\",\"publisher\":{\"@id\":\"https:\/\/siestamarmenorca.com\/#organization\"},\"potentialAction\":[{\"@type\":\"SearchAction\",\"target\":{\"@type\":\"EntryPoint\",\"urlTemplate\":\"https:\/\/siestamarmenorca.com\/?s={search_term_string}\"},\"query-input\":{\"@type\":\"PropertyValueSpecification\",\"valueRequired\":true,\"valueName\":\"search_term_string\"}}],\"inLanguage\":\"en-US\"},{\"@type\":\"Organization\",\"@id\":\"https:\/\/siestamarmenorca.com\/#organization\",\"name\":\"Siesta Mar | Alquiler de apartamentos en Menorca\",\"url\":\"https:\/\/siestamarmenorca.com\/\",\"logo\":{\"@type\":\"ImageObject\",\"inLanguage\":\"en-US\",\"@id\":\"https:\/\/siestamarmenorca.com\/#\/schema\/logo\/image\/\",\"url\":\"https:\/\/www.siestamarmenorca.com\/wp-content\/uploads\/2024\/12\/favicon.png\",\"contentUrl\":\"https:\/\/www.siestamarmenorca.com\/wp-content\/uploads\/2024\/12\/favicon.png\",\"width\":500,\"height\":500,\"caption\":\"Siesta Mar | Alquiler de apartamentos en Menorca\"},\"image\":{\"@id\":\"https:\/\/siestamarmenorca.com\/#\/schema\/logo\/image\/\"},\"sameAs\":[\"https:\/\/www.facebook.com\/galdaxproperties\",\"https:\/\/instagram.com\/galdaxproperties\"]}]}<\/script>\n<!-- \/ Yoast SEO plugin. -->","yoast_head_json":{"title":"Frequently asked questions | Siesta Mar","robots":{"index":"index","follow":"follow","max-snippet":"max-snippet:-1","max-image-preview":"max-image-preview:large","max-video-preview":"max-video-preview:-1"},"canonical":"https:\/\/siestamarmenorca.com\/en\/preguntas-frecuentes\/","og_locale":"en_US","og_type":"article","og_title":"Preguntas frecuentes | Siesta Mar","og_description":"A continuaci\u00f3n, te presentamos una lista con las preguntas m\u00e1s frecuentes de nuestros hu\u00e9spedes Preguntas frecuentes Preguntas y respuestas \u00bfCuales son los horarios de Check-in y Check-out? Los horarios de check-in y check-out var\u00edan seg\u00fan el alojamiento y est\u00e1n detallados en la p\u00e1gina de cada propiedad en nuestra web. Si necesitas llegar antes o salir [&hellip;]","og_url":"https:\/\/siestamarmenorca.com\/en\/preguntas-frecuentes\/","og_site_name":"Siesta Mar","article_publisher":"https:\/\/www.facebook.com\/galdaxproperties","article_modified_time":"2025-02-27T09:14:18+00:00","og_image":[{"url":"https:\/\/www.siestamarmenorca.com\/wp-content\/uploads\/2025\/01\/IMG_8236-2-scaled.jpg","type":"","width":"","height":""}],"twitter_card":"summary_large_image","twitter_misc":{"Est. reading time":"2 minutes"},"schema":{"@context":"https:\/\/schema.org","@graph":[{"@type":"WebPage","@id":"https:\/\/siestamarmenorca.com\/preguntas-frecuentes\/","url":"https:\/\/siestamarmenorca.com\/preguntas-frecuentes\/","name":"Frequently asked questions | Siesta Mar","isPartOf":{"@id":"https:\/\/siestamarmenorca.com\/#website"},"primaryImageOfPage":{"@id":"https:\/\/siestamarmenorca.com\/preguntas-frecuentes\/#primaryimage"},"image":{"@id":"https:\/\/siestamarmenorca.com\/preguntas-frecuentes\/#primaryimage"},"thumbnailUrl":"https:\/\/www.siestamarmenorca.com\/wp-content\/uploads\/2025\/01\/IMG_8236-2-scaled.jpg","datePublished":"2021-03-24T07:25:45+00:00","dateModified":"2025-02-27T09:14:18+00:00","breadcrumb":{"@id":"https:\/\/siestamarmenorca.com\/preguntas-frecuentes\/#breadcrumb"},"inLanguage":"en-US","potentialAction":[{"@type":"ReadAction","target":["https:\/\/siestamarmenorca.com\/preguntas-frecuentes\/"]}]},{"@type":"ImageObject","inLanguage":"en-US","@id":"https:\/\/siestamarmenorca.com\/preguntas-frecuentes\/#primaryimage","url":"https:\/\/www.siestamarmenorca.com\/wp-content\/uploads\/2025\/01\/IMG_8236-2-scaled.jpg","contentUrl":"https:\/\/www.siestamarmenorca.com\/wp-content\/uploads\/2025\/01\/IMG_8236-2-scaled.jpg"},{"@type":"BreadcrumbList","@id":"https:\/\/siestamarmenorca.com\/preguntas-frecuentes\/#breadcrumb","itemListElement":[{"@type":"ListItem","position":1,"name":"Home","item":"https:\/\/siestamarmenorca.com\/"},{"@type":"ListItem","position":2,"name":"Preguntas frecuentes"}]},{"@type":"WebSite","@id":"https:\/\/siestamarmenorca.com\/#website","url":"https:\/\/siestamarmenorca.com\/","name":"Siesta Mar | Apartments for Rent in Menorca","description":"","publisher":{"@id":"https:\/\/siestamarmenorca.com\/#organization"},"potentialAction":[{"@type":"SearchAction","target":{"@type":"EntryPoint","urlTemplate":"https:\/\/siestamarmenorca.com\/?s={search_term_string}"},"query-input":{"@type":"PropertyValueSpecification","valueRequired":true,"valueName":"search_term_string"}}],"inLanguage":"en-US"},{"@type":"Organization","@id":"https:\/\/siestamarmenorca.com\/#organization","name":"Siesta Mar | Apartments for Rent in Menorca","url":"https:\/\/siestamarmenorca.com\/","logo":{"@type":"ImageObject","inLanguage":"en-US","@id":"https:\/\/siestamarmenorca.com\/#\/schema\/logo\/image\/","url":"https:\/\/www.siestamarmenorca.com\/wp-content\/uploads\/2024\/12\/favicon.png","contentUrl":"https:\/\/www.siestamarmenorca.com\/wp-content\/uploads\/2024\/12\/favicon.png","width":500,"height":500,"caption":"Siesta Mar | Alquiler de apartamentos en Menorca"},"image":{"@id":"https:\/\/siestamarmenorca.com\/#\/schema\/logo\/image\/"},"sameAs":["https:\/\/www.facebook.com\/galdaxproperties","https:\/\/instagram.com\/galdaxproperties"]}]}},"_links":{"self":[{"href":"https:\/\/siestamarmenorca.com\/en\/wp-json\/wp\/v2\/pages\/2105","targetHints":{"allow":["GET"]}}],"collection":[{"href":"https:\/\/siestamarmenorca.com\/en\/wp-json\/wp\/v2\/pages"}],"about":[{"href":"https:\/\/siestamarmenorca.com\/en\/wp-json\/wp\/v2\/types\/page"}],"author":[{"embeddable":true,"href":"https:\/\/siestamarmenorca.com\/en\/wp-json\/wp\/v2\/users\/2"}],"replies":[{"embeddable":true,"href":"https:\/\/siestamarmenorca.com\/en\/wp-json\/wp\/v2\/comments?post=2105"}],"version-history":[{"count":67,"href":"https:\/\/siestamarmenorca.com\/en\/wp-json\/wp\/v2\/pages\/2105\/revisions"}],"predecessor-version":[{"id":12605,"href":"https:\/\/siestamarmenorca.com\/en\/wp-json\/wp\/v2\/pages\/2105\/revisions\/12605"}],"wp:attachment":[{"href":"https:\/\/siestamarmenorca.com\/en\/wp-json\/wp\/v2\/media?parent=2105"}],"curies":[{"name":"wp","href":"https:\/\/api.w.org\/{rel}","templated":true}]}}